{"id":16,"date":"2024-11-29T13:41:52","date_gmt":"2024-11-29T12:41:52","guid":{"rendered":"http:\/\/lamielleriedupayscharolais.fr\/?page_id=16"},"modified":"2025-09-12T17:43:38","modified_gmt":"2025-09-12T15:43:38","slug":"nos-produits","status":"publish","type":"page","link":"http:\/\/lamielleriedupayscharolais.fr\/","title":{"rendered":"Nos produits"},"content":{"rendered":"\n<figure class=\"wp-block-image alignfull size-full is-style-default\"><img loading=\"lazy\" decoding=\"async\" width=\"1024\" height=\"267\" src=\"http:\/\/lamielleriedupayscharolais.fr\/wp-content\/uploads\/2024\/11\/cadre-abeilles-ruche-la-miellerie-du-pays-charolais-1024x267-1.jpg\" alt=\"La miellerie du pays Charolais\" class=\"wp-image-7\" srcset=\"http:\/\/lamielleriedupayscharolais.fr\/wp-content\/uploads\/2024\/11\/cadre-abeilles-ruche-la-miellerie-du-pays-charolais-1024x267-1.jpg 1024w, http:\/\/lamielleriedupayscharolais.fr\/wp-content\/uploads\/2024\/11\/cadre-abeilles-ruche-la-miellerie-du-pays-charolais-1024x267-1-300x78.jpg 300w, http:\/\/lamielleriedupayscharolais.fr\/wp-content\/uploads\/2024\/11\/cadre-abeilles-ruche-la-miellerie-du-pays-charolais-1024x267-1-768x200.jpg 768w\" sizes=\"auto, (max-width: 1024px) 100vw, 1024px\" \/><\/figure>\n\n\n\n<div style=\"height:29px\" aria-hidden=\"true\" class=\"wp-block-spacer\"><\/div>\n\n\n\n<p class=\"has-text-align-center\">Alexandre LUCAS BARDOT, apiculteur \u00e0 Chevagnes depuis 2017 avec 600 ruches, nous vous proposons 4 types de miels naturels (<strong>miel Cr\u00e9meux<\/strong>, <strong>miel d&#8217;Acacia<\/strong>, <strong>miel de Prairie<\/strong> et <strong>miel de Ch\u00e2taignier<\/strong> ) produits dans l\u2019Allier et la Sa\u00f4ne-et-Loire sous la marque <strong>La miellerie du pays Charolais<\/strong>. <br>Nous nous sommes diversifi\u00e9s en proposant des produits d\u00e9riv\u00e9s \u00e0 base de miel.<\/p>\n\n\n\n<p class=\"has-text-align-center\" style=\"font-size:22px\"><strong>Retrouvez nos produits dans notre boutique \u00e0 Chevagnes ou sur commande par envoi postale : <\/strong><br>mielleriedupayscharolais@laposte.net<\/p>\n\n\n\n<p class=\"has-text-align-center\" style=\"font-size:22px\"><strong>Pour toutes livraisons sur la r\u00e9gion parisienne, merci de contacter Laurent au 07 87 09 32 54<\/strong><\/p>\n\n\n\n<p class=\"has-text-align-center\" style=\"font-size:22px\"><\/p>\n\n\n\n<div style=\"height:54px\" aria-hidden=\"true\" class=\"wp-block-spacer\"><\/div>\n\n\n\n<figure class=\"wp-block-pullquote has-luminous-vivid-amber-color has-text-color has-link-color has-small-font-size wp-elements-8adf8ddf061c52e8640de9a7c8ef2bd2\"><blockquote><p><strong><em>D\u00e9couvrez nos miels<\/em><\/strong><\/p><\/blockquote><\/figure>\n\n\n\n<div class=\"wp-block-columns is-layout-flex wp-container-core-columns-is-layout-9d6595d7 wp-block-columns-is-layout-flex\">\n<div class=\"wp-block-column is-layout-flow wp-block-column-is-layout-flow\">\n<figure class=\"wp-block-image size-full\"><img loading=\"lazy\" decoding=\"async\" width=\"400\" height=\"400\" src=\"http:\/\/lamielleriedupayscharolais.fr\/wp-content\/uploads\/2024\/11\/miel-cremeux-500gr-la-miellerie-du-pays-charolais-big.jpg\" alt=\"\" class=\"wp-image-34\" srcset=\"http:\/\/lamielleriedupayscharolais.fr\/wp-content\/uploads\/2024\/11\/miel-cremeux-500gr-la-miellerie-du-pays-charolais-big.jpg 400w, http:\/\/lamielleriedupayscharolais.fr\/wp-content\/uploads\/2024\/11\/miel-cremeux-500gr-la-miellerie-du-pays-charolais-big-300x300.jpg 300w, http:\/\/lamielleriedupayscharolais.fr\/wp-content\/uploads\/2024\/11\/miel-cremeux-500gr-la-miellerie-du-pays-charolais-big-150x150.jpg 150w\" sizes=\"auto, (max-width: 400px) 100vw, 400px\" \/><\/figure>\n\n\n\n<p class=\"has-text-align-center\">250g &#8211; 500g <br>Miel doux &#8211; Texture Cr\u00e9meuse<\/p>\n\n\n\n<div class=\"wp-block-buttons is-content-justification-center is-layout-flex wp-container-core-buttons-is-layout-16018d1d wp-block-buttons-is-layout-flex\">\n<div class=\"wp-block-button has-custom-width wp-block-button__width-75 is-style-outline is-style-outline--1\"><a class=\"wp-block-button__link has-luminous-vivid-amber-color has-text-color has-link-color has-text-align-center has-custom-font-size wp-element-button\" href=\"http:\/\/lamielleriedupayscharolais.fr\/?page_id=12\" style=\"border-radius:0px;font-size:24px\"><strong><mark style=\"background-color:rgba(0, 0, 0, 0)\" class=\"has-inline-color has-luminous-vivid-amber-color\">Miel Cr\u00e9meux<\/mark><\/strong><\/a><\/div>\n<\/div>\n\n\n\n<div style=\"height:12px\" aria-hidden=\"true\" class=\"wp-block-spacer\"><\/div>\n\n\n\n<div class=\"wp-block-buttons is-content-justification-center is-layout-flex wp-container-core-buttons-is-layout-16018d1d wp-block-buttons-is-layout-flex\">\n<div class=\"wp-block-button has-custom-width wp-block-button__width-50\"><a class=\"wp-block-button__link has-black-background-color has-background has-custom-font-size wp-element-button\" href=\"http:\/\/lamielleriedupayscharolais.fr\/?page_id=12\" style=\"font-size:13px\"><strong>Plus d&#8217;informations<\/strong><\/a><\/div>\n<\/div>\n<\/div>\n\n\n\n<div class=\"wp-block-column is-layout-flow wp-block-column-is-layout-flow\">\n<figure class=\"wp-block-image size-full\"><img loading=\"lazy\" decoding=\"async\" width=\"400\" height=\"400\" src=\"http:\/\/lamielleriedupayscharolais.fr\/wp-content\/uploads\/2024\/11\/miel-acacia-250gr-la-miellerie-du-pays-charolais-big.jpg\" alt=\"\" class=\"wp-image-35\" srcset=\"http:\/\/lamielleriedupayscharolais.fr\/wp-content\/uploads\/2024\/11\/miel-acacia-250gr-la-miellerie-du-pays-charolais-big.jpg 400w, http:\/\/lamielleriedupayscharolais.fr\/wp-content\/uploads\/2024\/11\/miel-acacia-250gr-la-miellerie-du-pays-charolais-big-300x300.jpg 300w, http:\/\/lamielleriedupayscharolais.fr\/wp-content\/uploads\/2024\/11\/miel-acacia-250gr-la-miellerie-du-pays-charolais-big-150x150.jpg 150w\" sizes=\"auto, (max-width: 400px) 100vw, 400px\" \/><\/figure>\n\n\n\n<p class=\"has-text-align-center\">250g &#8211; 500g <br>Miel doux &#8211; Texture Liquide<\/p>\n\n\n\n<div class=\"wp-block-buttons alignwide is-content-justification-center is-layout-flex wp-container-core-buttons-is-layout-16018d1d wp-block-buttons-is-layout-flex\">\n<div class=\"wp-block-button has-custom-width wp-block-button__width-75 is-style-outline is-style-outline--2\"><a class=\"wp-block-button__link has-luminous-vivid-amber-color has-text-color has-link-color has-custom-font-size wp-element-button\" href=\"http:\/\/lamielleriedupayscharolais.fr\/?page_id=63\" style=\"border-radius:0px;font-size:24px\"><strong>Miel d&#8217;Acacia<\/strong><\/a><\/div>\n<\/div>\n\n\n\n<div style=\"height:0px\" aria-hidden=\"true\" class=\"wp-block-spacer\"><\/div>\n\n\n\n<div style=\"height:12px\" aria-hidden=\"true\" class=\"wp-block-spacer\"><\/div>\n\n\n\n<div class=\"wp-block-buttons is-content-justification-center is-layout-flex wp-container-core-buttons-is-layout-16018d1d wp-block-buttons-is-layout-flex\">\n<div class=\"wp-block-button has-custom-width wp-block-button__width-50\"><a class=\"wp-block-button__link has-black-background-color has-background has-custom-font-size wp-element-button\" href=\"http:\/\/lamielleriedupayscharolais.fr\/?page_id=63\" style=\"font-size:13px\"><strong>Plus d&#8217;informations<\/strong><\/a><\/div>\n<\/div>\n<\/div>\n\n\n\n<div class=\"wp-block-column is-layout-flow wp-block-column-is-layout-flow\">\n<figure class=\"wp-block-image size-full\"><img loading=\"lazy\" decoding=\"async\" width=\"400\" height=\"400\" src=\"http:\/\/lamielleriedupayscharolais.fr\/wp-content\/uploads\/2024\/11\/miel-prairie-500gr-La-miellerie-du-pays-charolais-big.jpg\" alt=\"\" class=\"wp-image-36\" srcset=\"http:\/\/lamielleriedupayscharolais.fr\/wp-content\/uploads\/2024\/11\/miel-prairie-500gr-La-miellerie-du-pays-charolais-big.jpg 400w, http:\/\/lamielleriedupayscharolais.fr\/wp-content\/uploads\/2024\/11\/miel-prairie-500gr-La-miellerie-du-pays-charolais-big-300x300.jpg 300w, http:\/\/lamielleriedupayscharolais.fr\/wp-content\/uploads\/2024\/11\/miel-prairie-500gr-La-miellerie-du-pays-charolais-big-150x150.jpg 150w\" sizes=\"auto, (max-width: 400px) 100vw, 400px\" \/><\/figure>\n\n\n\n<p class=\"has-text-align-center\">250g &#8211; 500g <br>Miel doux-intense &#8211; Texture Liquide<\/p>\n\n\n\n<div class=\"wp-block-buttons alignwide is-content-justification-center is-layout-flex wp-container-core-buttons-is-layout-16018d1d wp-block-buttons-is-layout-flex\">\n<div class=\"wp-block-button has-custom-width wp-block-button__width-75 is-style-outline is-style-outline--3\"><a class=\"wp-block-button__link has-luminous-vivid-amber-color has-text-color has-link-color has-text-align-center has-custom-font-size wp-element-button\" href=\"http:\/\/lamielleriedupayscharolais.fr\/?page_id=65\" style=\"border-radius:0px;font-size:24px\"><strong>Miel de Prairie<\/strong><\/a><\/div>\n<\/div>\n\n\n\n<div style=\"height:12px\" aria-hidden=\"true\" class=\"wp-block-spacer\"><\/div>\n\n\n\n<div class=\"wp-block-buttons is-content-justification-center is-layout-flex wp-container-core-buttons-is-layout-16018d1d wp-block-buttons-is-layout-flex\">\n<div class=\"wp-block-button has-custom-width wp-block-button__width-50\"><a class=\"wp-block-button__link has-black-background-color has-background has-custom-font-size wp-element-button\" href=\"http:\/\/lamielleriedupayscharolais.fr\/?page_id=65\" style=\"font-size:13px\"><strong>Plus d&#8217;informations<\/strong><\/a><\/div>\n<\/div>\n<\/div>\n<\/div>\n\n\n\n<div style=\"height:60px\" aria-hidden=\"true\" class=\"wp-block-spacer\"><\/div>\n\n\n\n<div class=\"wp-block-columns is-layout-flex wp-container-core-columns-is-layout-9d6595d7 wp-block-columns-is-layout-flex\">\n<div class=\"wp-block-column is-layout-flow wp-block-column-is-layout-flow\">\n<figure class=\"wp-block-image size-full\"><img loading=\"lazy\" decoding=\"async\" width=\"400\" height=\"400\" src=\"http:\/\/lamielleriedupayscharolais.fr\/wp-content\/uploads\/2024\/11\/miel-chataignier-250gr-la-miellerie-du-pays-charolais-big.jpg\" alt=\"\" class=\"wp-image-39\" srcset=\"http:\/\/lamielleriedupayscharolais.fr\/wp-content\/uploads\/2024\/11\/miel-chataignier-250gr-la-miellerie-du-pays-charolais-big.jpg 400w, http:\/\/lamielleriedupayscharolais.fr\/wp-content\/uploads\/2024\/11\/miel-chataignier-250gr-la-miellerie-du-pays-charolais-big-300x300.jpg 300w, http:\/\/lamielleriedupayscharolais.fr\/wp-content\/uploads\/2024\/11\/miel-chataignier-250gr-la-miellerie-du-pays-charolais-big-150x150.jpg 150w\" sizes=\"auto, (max-width: 400px) 100vw, 400px\" \/><\/figure>\n\n\n\n<p class=\"has-text-align-center\">250g &#8211; 500g <br>Miel intense &#8211; Texture Liquide<\/p>\n\n\n\n<div class=\"wp-block-buttons is-content-justification-center is-layout-flex wp-container-core-buttons-is-layout-16018d1d wp-block-buttons-is-layout-flex\">\n<div class=\"wp-block-button has-custom-width wp-block-button__width-100 is-style-outline is-style-outline--4\"><a class=\"wp-block-button__link has-luminous-vivid-amber-color has-text-color has-link-color has-custom-font-size wp-element-button\" href=\"http:\/\/lamielleriedupayscharolais.fr\/?page_id=67\" style=\"border-radius:0px;font-size:24px\"><strong>Miel de Ch\u00e2taignier<\/strong><\/a><\/div>\n<\/div>\n\n\n\n<div style=\"height:12px\" aria-hidden=\"true\" class=\"wp-block-spacer\"><\/div>\n\n\n\n<div class=\"wp-block-buttons is-content-justification-center is-layout-flex wp-container-core-buttons-is-layout-16018d1d wp-block-buttons-is-layout-flex\">\n<div class=\"wp-block-button has-custom-width wp-block-button__width-50\"><a class=\"wp-block-button__link has-custom-font-size wp-element-button\" href=\"http:\/\/lamielleriedupayscharolais.fr\/?page_id=67\" style=\"font-size:13px\">Plus d&#8217;informations<\/a><\/div>\n<\/div>\n<\/div>\n\n\n\n<div class=\"wp-block-column is-layout-flow wp-block-column-is-layout-flow\">\n<div class=\"wp-block-buttons is-content-justification-center is-layout-flex wp-container-core-buttons-is-layout-16018d1d wp-block-buttons-is-layout-flex\"><\/div>\n\n\n\n<div style=\"height:12px\" aria-hidden=\"true\" class=\"wp-block-spacer\"><\/div>\n\n\n\n<div class=\"wp-block-buttons is-content-justification-center is-layout-flex wp-container-core-buttons-is-layout-16018d1d wp-block-buttons-is-layout-flex\"><\/div>\n<\/div>\n\n\n\n<div class=\"wp-block-column is-layout-flow wp-block-column-is-layout-flow\"><\/div>\n<\/div>\n\n\n\n<div style=\"height:58px\" aria-hidden=\"true\" class=\"wp-block-spacer\"><\/div>\n\n\n\n<figure class=\"wp-block-pullquote has-luminous-vivid-amber-color has-text-color has-link-color has-small-font-size wp-elements-aba80a127b88ec3a39db03eda1e05d14\"><blockquote><p><strong><em>D\u00e9couvrez nos produits au miel<\/em><\/strong><\/p><\/blockquote><\/figure>\n\n\n\n<div class=\"wp-block-columns is-layout-flex wp-container-core-columns-is-layout-9d6595d7 wp-block-columns-is-layout-flex\">\n<div class=\"wp-block-column is-layout-flow wp-block-column-is-layout-flow\">\n<figure class=\"wp-block-image size-full\"><img loading=\"lazy\" decoding=\"async\" width=\"400\" height=\"400\" src=\"http:\/\/lamielleriedupayscharolais.fr\/wp-content\/uploads\/2024\/11\/nougat-blanc-au-miel-de-prairie-la-miellerie-du-pays-charolais-big.jpg\" alt=\"\" class=\"wp-image-43\" srcset=\"http:\/\/lamielleriedupayscharolais.fr\/wp-content\/uploads\/2024\/11\/nougat-blanc-au-miel-de-prairie-la-miellerie-du-pays-charolais-big.jpg 400w, http:\/\/lamielleriedupayscharolais.fr\/wp-content\/uploads\/2024\/11\/nougat-blanc-au-miel-de-prairie-la-miellerie-du-pays-charolais-big-300x300.jpg 300w, http:\/\/lamielleriedupayscharolais.fr\/wp-content\/uploads\/2024\/11\/nougat-blanc-au-miel-de-prairie-la-miellerie-du-pays-charolais-big-150x150.jpg 150w\" sizes=\"auto, (max-width: 400px) 100vw, 400px\" \/><\/figure>\n\n\n\n<p class=\"has-text-align-center\">150g <br>Nougat en papillote individuelle<\/p>\n\n\n\n<div class=\"wp-block-buttons is-content-justification-center is-layout-flex wp-container-core-buttons-is-layout-16018d1d wp-block-buttons-is-layout-flex\">\n<div class=\"wp-block-button has-custom-width wp-block-button__width-75 is-style-outline is-style-outline--5\"><a class=\"wp-block-button__link has-luminous-vivid-amber-color has-text-color has-link-color has-custom-font-size wp-element-button\" href=\"http:\/\/lamielleriedupayscharolais.fr\/?page_id=72\" style=\"border-radius:0px;font-size:24px\"><strong>Nougat au miel de Prairie<\/strong><\/a><\/div>\n<\/div>\n\n\n\n<div style=\"height:12px\" aria-hidden=\"true\" class=\"wp-block-spacer\"><\/div>\n\n\n\n<div class=\"wp-block-buttons is-content-justification-center is-layout-flex wp-container-core-buttons-is-layout-16018d1d wp-block-buttons-is-layout-flex\">\n<div class=\"wp-block-button has-custom-width wp-block-button__width-50\"><a class=\"wp-block-button__link has-black-background-color has-background has-custom-font-size wp-element-button\" href=\"http:\/\/lamielleriedupayscharolais.fr\/?page_id=72\" style=\"font-size:13px\">Plus d&#8217;informations<\/a><\/div>\n<\/div>\n<\/div>\n\n\n\n<div class=\"wp-block-column is-layout-flow wp-block-column-is-layout-flow\">\n<figure class=\"wp-block-image size-full\"><img loading=\"lazy\" decoding=\"async\" width=\"400\" height=\"400\" src=\"http:\/\/lamielleriedupayscharolais.fr\/wp-content\/uploads\/2024\/11\/nougat-blanc-au-miel-et-pralines-roses-la-miellerie-du-pays-charolais-big.jpg\" alt=\"\" class=\"wp-image-44\" srcset=\"http:\/\/lamielleriedupayscharolais.fr\/wp-content\/uploads\/2024\/11\/nougat-blanc-au-miel-et-pralines-roses-la-miellerie-du-pays-charolais-big.jpg 400w, http:\/\/lamielleriedupayscharolais.fr\/wp-content\/uploads\/2024\/11\/nougat-blanc-au-miel-et-pralines-roses-la-miellerie-du-pays-charolais-big-300x300.jpg 300w, http:\/\/lamielleriedupayscharolais.fr\/wp-content\/uploads\/2024\/11\/nougat-blanc-au-miel-et-pralines-roses-la-miellerie-du-pays-charolais-big-150x150.jpg 150w\" sizes=\"auto, (max-width: 400px) 100vw, 400px\" \/><\/figure>\n\n\n\n<p class=\"has-text-align-center\">150g <br>Nougat en papillote individuelle<\/p>\n\n\n\n<div class=\"wp-block-buttons is-content-justification-center is-layout-flex wp-container-core-buttons-is-layout-16018d1d wp-block-buttons-is-layout-flex\">\n<div class=\"wp-block-button has-custom-width wp-block-button__width-75 is-style-outline is-style-outline--6\"><a class=\"wp-block-button__link has-luminous-vivid-amber-color has-text-color has-link-color has-custom-font-size wp-element-button\" href=\"http:\/\/lamielleriedupayscharolais.fr\/?page_id=82\" style=\"border-radius:0px;font-size:24px\"><strong>Nougat au miel et pralines roses<\/strong><\/a><\/div>\n<\/div>\n\n\n\n<div style=\"height:12px\" aria-hidden=\"true\" class=\"wp-block-spacer\"><\/div>\n\n\n\n<div class=\"wp-block-buttons is-content-justification-center is-layout-flex wp-container-core-buttons-is-layout-16018d1d wp-block-buttons-is-layout-flex\">\n<div class=\"wp-block-button has-custom-width wp-block-button__width-50\"><a class=\"wp-block-button__link has-black-background-color has-background has-custom-font-size wp-element-button\" href=\"http:\/\/lamielleriedupayscharolais.fr\/?page_id=82\" style=\"font-size:13px\">Plus d&#8217;informations<\/a><\/div>\n<\/div>\n<\/div>\n\n\n\n<div class=\"wp-block-column is-layout-flow wp-block-column-is-layout-flow\">\n<figure class=\"wp-block-image size-full\"><img loading=\"lazy\" decoding=\"async\" width=\"400\" height=\"400\" src=\"http:\/\/lamielleriedupayscharolais.fr\/wp-content\/uploads\/2024\/11\/pastilles-au-miel-250gr-big.jpg\" alt=\"\" class=\"wp-image-45\" srcset=\"http:\/\/lamielleriedupayscharolais.fr\/wp-content\/uploads\/2024\/11\/pastilles-au-miel-250gr-big.jpg 400w, http:\/\/lamielleriedupayscharolais.fr\/wp-content\/uploads\/2024\/11\/pastilles-au-miel-250gr-big-300x300.jpg 300w, http:\/\/lamielleriedupayscharolais.fr\/wp-content\/uploads\/2024\/11\/pastilles-au-miel-250gr-big-150x150.jpg 150w\" sizes=\"auto, (max-width: 400px) 100vw, 400px\" \/><\/figure>\n\n\n\n<p class=\"has-text-align-center\">250gr<br>en sachet<\/p>\n\n\n\n<div class=\"wp-block-buttons is-content-justification-center is-layout-flex wp-container-core-buttons-is-layout-16018d1d wp-block-buttons-is-layout-flex\">\n<div class=\"wp-block-button has-custom-width wp-block-button__width-75 is-style-outline is-style-outline--7\"><a class=\"wp-block-button__link has-luminous-vivid-amber-color has-text-color has-link-color has-custom-font-size wp-element-button\" href=\"http:\/\/lamielleriedupayscharolais.fr\/?page_id=76\" style=\"border-radius:0px;font-size:24px\"><strong>Pastilles au miel<\/strong><\/a><\/div>\n<\/div>\n\n\n\n<div style=\"height:12px\" aria-hidden=\"true\" class=\"wp-block-spacer\"><\/div>\n\n\n\n<div class=\"wp-block-buttons is-content-justification-center is-layout-flex wp-container-core-buttons-is-layout-16018d1d wp-block-buttons-is-layout-flex\">\n<div class=\"wp-block-button has-custom-width wp-block-button__width-50\"><a class=\"wp-block-button__link has-black-background-color has-background has-custom-font-size wp-element-button\" href=\"http:\/\/lamielleriedupayscharolais.fr\/?page_id=76\" style=\"font-size:13px\">Plus d&#8217;informations<\/a><\/div>\n<\/div>\n<\/div>\n<\/div>\n\n\n\n<div style=\"height:57px\" aria-hidden=\"true\" class=\"wp-block-spacer\"><\/div>\n\n\n\n<div class=\"wp-block-columns is-layout-flex wp-container-core-columns-is-layout-9d6595d7 wp-block-columns-is-layout-flex\">\n<div class=\"wp-block-column is-layout-flow wp-block-column-is-layout-flow\">\n<figure class=\"wp-block-image size-full\"><img loading=\"lazy\" decoding=\"async\" width=\"400\" height=\"400\" src=\"http:\/\/lamielleriedupayscharolais.fr\/wp-content\/uploads\/2024\/11\/hydromel-la-miellerie-du-pays-charolais-big.jpg\" alt=\"\" class=\"wp-image-46\" srcset=\"http:\/\/lamielleriedupayscharolais.fr\/wp-content\/uploads\/2024\/11\/hydromel-la-miellerie-du-pays-charolais-big.jpg 400w, http:\/\/lamielleriedupayscharolais.fr\/wp-content\/uploads\/2024\/11\/hydromel-la-miellerie-du-pays-charolais-big-300x300.jpg 300w, http:\/\/lamielleriedupayscharolais.fr\/wp-content\/uploads\/2024\/11\/hydromel-la-miellerie-du-pays-charolais-big-150x150.jpg 150w\" sizes=\"auto, (max-width: 400px) 100vw, 400px\" \/><\/figure>\n\n\n\n<p class=\"has-text-align-center\">75cl<br>bouteille en verre<\/p>\n\n\n\n<div class=\"wp-block-buttons is-content-justification-center is-layout-flex wp-container-core-buttons-is-layout-16018d1d wp-block-buttons-is-layout-flex\">\n<div class=\"wp-block-button has-custom-width wp-block-button__width-75 is-style-outline is-style-outline--8\"><a class=\"wp-block-button__link has-luminous-vivid-amber-color has-text-color has-link-color has-custom-font-size wp-element-button\" href=\"http:\/\/lamielleriedupayscharolais.fr\/?page_id=78\" style=\"border-radius:0px;font-size:24px\"><strong>Hydromel<\/strong><\/a><\/div>\n<\/div>\n\n\n\n<div style=\"height:12px\" aria-hidden=\"true\" class=\"wp-block-spacer\"><\/div>\n\n\n\n<div class=\"wp-block-buttons is-content-justification-center is-layout-flex wp-container-core-buttons-is-layout-16018d1d wp-block-buttons-is-layout-flex\">\n<div class=\"wp-block-button has-custom-width wp-block-button__width-50\"><a class=\"wp-block-button__link has-black-background-color has-background has-custom-font-size wp-element-button\" href=\"http:\/\/lamielleriedupayscharolais.fr\/?page_id=78\" style=\"font-size:13px\">Plus d&#8217;informations<\/a><\/div>\n<\/div>\n<\/div>\n\n\n\n<div class=\"wp-block-column is-layout-flow wp-block-column-is-layout-flow\"><\/div>\n\n\n\n<div class=\"wp-block-column is-layout-flow wp-block-column-is-layout-flow\"><\/div>\n<\/div>\n\n\n\n<div style=\"height:42px\" aria-hidden=\"true\" class=\"wp-block-spacer\"><\/div>\n\n\n\n<pre class=\"wp-block-verse has-text-align-center has-black-color has-luminous-vivid-amber-background-color has-text-color has-background has-link-color has-medium-font-size wp-elements-fb3aa959e02759720e4414210db19ae1\"><strong>Vous pouvez passer vos commandes pour exp\u00e9dition : <br>mielleriedupayscharolais@laposte.net<br><br>Pour toutes livraisons sur la r\u00e9gion parisienne, merci de contacter Laurent au 07 87 09 32 54<\/strong><\/pre>\n\n\n\n<div style=\"height:33px\" aria-hidden=\"true\" class=\"wp-block-spacer\"><\/div>\n\n\n\n<figure class=\"wp-block-image alignfull size-full is-style-default\"><img loading=\"lazy\" decoding=\"async\" width=\"1024\" height=\"475\" src=\"http:\/\/lamielleriedupayscharolais.fr\/wp-content\/uploads\/2024\/11\/pots-1024x475-1.jpg\" alt=\"\" class=\"wp-image-47\" srcset=\"http:\/\/lamielleriedupayscharolais.fr\/wp-content\/uploads\/2024\/11\/pots-1024x475-1.jpg 1024w, http:\/\/lamielleriedupayscharolais.fr\/wp-content\/uploads\/2024\/11\/pots-1024x475-1-300x139.jpg 300w, http:\/\/lamielleriedupayscharolais.fr\/wp-content\/uploads\/2024\/11\/pots-1024x475-1-768x356.jpg 768w\" sizes=\"auto, (max-width: 1024px) 100vw, 1024px\" \/><\/figure>\n","protected":false},"excerpt":{"rendered":"<p>Alexandre LUCAS BARDOT, apiculteur \u00e0 Chevagnes depuis 2017 avec 600 ruches, nous vous proposons 4 types de miels naturels (miel [&hellip;]<\/p>\n","protected":false},"author":1,"featured_media":0,"parent":0,"menu_order":0,"comment_status":"closed","ping_status":"closed","template":"","meta":{"footnotes":""},"class_list":["post-16","page","type-page","status-publish","hentry"],"_links":{"self":[{"href":"http:\/\/lamielleriedupayscharolais.fr\/index.php?rest_route=\/wp\/v2\/pages\/16","targetHints":{"allow":["GET"]}}],"collection":[{"href":"http:\/\/lamielleriedupayscharolais.fr\/index.php?rest_route=\/wp\/v2\/pages"}],"about":[{"href":"http:\/\/lamielleriedupayscharolais.fr\/index.php?rest_route=\/wp\/v2\/types\/page"}],"author":[{"embeddable":true,"href":"http:\/\/lamielleriedupayscharolais.fr\/index.php?rest_route=\/wp\/v2\/users\/1"}],"replies":[{"embeddable":true,"href":"http:\/\/lamielleriedupayscharolais.fr\/index.php?rest_route=%2Fwp%2Fv2%2Fcomments&post=16"}],"version-history":[{"count":16,"href":"http:\/\/lamielleriedupayscharolais.fr\/index.php?rest_route=\/wp\/v2\/pages\/16\/revisions"}],"predecessor-version":[{"id":107,"href":"http:\/\/lamielleriedupayscharolais.fr\/index.php?rest_route=\/wp\/v2\/pages\/16\/revisions\/107"}],"wp:attachment":[{"href":"http:\/\/lamielleriedupayscharolais.fr\/index.php?rest_route=%2Fwp%2Fv2%2Fmedia&parent=16"}],"curies":[{"name":"wp","href":"https:\/\/api.w.org\/{rel}","templated":true}]}}